{"id":395,"date":"2025-07-07T15:55:26","date_gmt":"2025-07-07T13:55:26","guid":{"rendered":"https:\/\/koridoben.hu\/?page_id=395"},"modified":"2025-09-04T10:45:37","modified_gmt":"2025-09-04T08:45:37","slug":"adatkezelesi-nyilatkozat","status":"publish","type":"page","link":"https:\/\/koridoben.hu\/en\/adatkezelesi-nyilatkozat\/","title":{"rendered":"Adatkezel\u00e9si nyilatkozat"},"content":{"rendered":"<div data-elementor-type=\"wp-page\" data-elementor-id=\"395\" class=\"elementor elementor-395\" data-elementor-post-type=\"page\">\n\t\t\t\t<div class=\"elementor-element elementor-element-abf207c e-flex e-con-boxed e-con e-parent\" data-id=\"abf207c\" data-element_type=\"container\" data-e-type=\"container\">\n\t\t\t\t\t<div class=\"e-con-inner\">\n\t\t<div class=\"elementor-element elementor-element-f366bc1 e-con-full e-flex e-con e-child\" data-id=\"f366bc1\" data-element_type=\"container\" data-e-type=\"container\">\n\t\t\t\t<\/div>\n\t\t\t\t<div class=\"elementor-element elementor-element-10cb59f elementor-widget elementor-widget-text-editor\" data-id=\"10cb59f\" data-element_type=\"widget\" data-e-type=\"widget\" data-widget_type=\"text-editor.default\">\n\t\t\t\t<div class=\"elementor-widget-container\">\n\t\t\t\t\t\t\t\t\t<h1>ADATV\u00c9DELMI NYILATKOZAT,<\/h1><h2>Adatv\u00e9delmi \u00e9s adatkezel\u00e9si t\u00e1j\u00e9koztat\u00f3\u00a0<\/h2><h3>1. A T\u00e1j\u00e9koztat\u00f3 c\u00e9lja\u00a0<\/h3><p>1.1. Jelen dokumentum c\u00e9lja, hogy megfelel\u0151 t\u00e1j\u00e9koztat\u00e1st \u00e9s v\u00e9delmet ny\u00fajtson a www.koridoben.hu honlapra l\u00e1togat\u00f3 (tov\u00e1bbiakban: Weboldal) \u00e9s a Weboldalon kereszt\u00fcl szolg\u00e1ltat\u00e1st ig\u00e9nybe vev\u0151 term\u00e9szetes szem\u00e9lyek sz\u00e1m\u00e1ra (tov\u00e1bbiakban egy\u00fcttesen: \u00c9rintettek) a szem\u00e9lyes adatok v\u00e9delm\u00e9r\u0151l az inform\u00e1ci\u00f3s \u00f6nrendelkez\u00e9si jogr\u00f3l \u00e9s az inform\u00e1ci\u00f3szabads\u00e1gr\u00f3l sz\u00f3l\u00f3 2011. \u00e9vi CXII. t\u00f6rv\u00e9ny rendelkez\u00e9seinek megfelel\u0151en.<\/p><h3>2. \u00c9rtelmez\u0151 fogalmak\u00a0<\/h3><h4>\u00c9rintett: b\u00e1rmely meghat\u00e1rozott, szem\u00e9lyes adat alapj\u00e1n azonos\u00edtott vagy- k\u00f6zvetlen\u00fcl vagy k\u00f6zvetve \u2013 azonos\u00edthat\u00f3 term\u00e9szetes szem\u00e9ly;\u00a0<\/h4><p>Szem\u00e9lyes adat: az \u00e9rintettel kapcsolatba hozhat\u00f3 adat-k\u00fcl\u00f6n\u00f6sen az \u00e9rintett neve, azonos\u00edt\u00f3 jele, valamint egy vagy t\u00f6bb fizikai, fiziol\u00f3giai, ment\u00e1lis, gazdas\u00e1gi, kultur\u00e1lis vagy szoci\u00e1lis azonoss\u00e1g\u00e1ra jellemz\u0151 ismeret -, valamint az adatb\u00f3l levonhat\u00f3, az \u00e9rintettre vonatkoz\u00f3 k\u00f6vetkeztet\u00e9s;\u00a0<\/p><p>K\u00fcl\u00f6nleges adat:\u00a0 a) a faji eredetre, a nemzetis\u00e9ghez tartoz\u00e1sra, a politikai v\u00e9lem\u00e9nyre vagy p\u00e1rt\u00e1ll\u00e1sra, a vall\u00e1sos vagy m\u00e1s vil\u00e1gn\u00e9zeti meggy\u0151z\u0151d\u00e9sre, az \u00e9rdekk\u00e9pviseleti szervezeti tags\u00e1gra, a szexu\u00e1lis \u00e9letre vonatkoz\u00f3 szem\u00e9lyes adat, b) az eg\u00e9szs\u00e9gi \u00e1llapotra, a k\u00f3ros szenved\u00e9lyre vonatkoz\u00f3 szem\u00e9lyes adat, valamint a b\u0171n\u00fcgyi szem\u00e9lyes adat;\u00a0<\/p><p>Hozz\u00e1j\u00e1rul\u00e1s: az \u00e9rintett akarat\u00e1nak \u00f6nk\u00e9ntes \u00e9s hat\u00e1rozott kinyilv\u00e1n\u00edt\u00e1sa, amely megfelel\u0151 t\u00e1j\u00e9koztat\u00e1son alapul, \u00e9s amellyel f\u00e9lre\u00e9rthetetlen beleegyez\u00e9s\u00e9t adja a r\u00e1 vonatkoz\u00f3\u00a0 szem\u00e9lyes adatok \u2013 teljes k\u00f6r\u0171 vagy egyes m\u0171veletekre kiterjed\u0151 \u2013 kezel\u00e9s\u00e9hez;\u00a0<\/p><p>Tiltakoz\u00e1s: az \u00e9rintett nyilatkozata, amellyel szem\u00e9lyes adatainak kezel\u00e9s\u00e9t kifog\u00e1solja, \u00e9s az adatkezel\u00e9s megsz\u00fcntet\u00e9s\u00e9t, illetve a kezelt adatok t\u00f6rl\u00e9s\u00e9t k\u00e9ri;\u00a0<\/p><p>Adatkezel\u0151: az a term\u00e9szetes vagy jogi szem\u00e9ly, illetve jogi szem\u00e9lyis\u00e9ggel nem rendelkez\u0151 szervezet, aki vagy amely \u00f6n\u00e1ll\u00f3an vagy m\u00e1sokkal egy\u00fctt az adatok kezel\u00e9s\u00e9nek c\u00e9lj\u00e1t meghat\u00e1rozza, az adatkezel\u00e9sre (bele\u00e9rtve a felhaszn\u00e1lt eszk\u00f6zt) vonatkoz\u00f3 d\u00f6nt\u00e9seket\u00a0 meghozza \u00e9s v\u00e9grehajtja, vagy az adatfeldolgoz\u00f3val v\u00e9grehajtatja;\u00a0<\/p><p>Adatkezel\u00e9s: az alkalmazott elj\u00e1r\u00e1st\u00f3l f\u00fcggetlen\u00fcl, az adatokon v\u00e9gzett, b\u00e1rmely m\u0171velet vagy a m\u0171veletek \u00f6sszess\u00e9ge, \u00edgy k\u00fcl\u00f6n\u00f6sen gy\u0171jt\u00e9se, felv\u00e9tele, r\u00f6gz\u00edt\u00e9se, rendszerez\u00e9se, t\u00e1rol\u00e1sa, megv\u00e1ltoztat\u00e1sa, felhaszn\u00e1l\u00e1sa, lek\u00e9rdez\u00e9se, tov\u00e1bb\u00edt\u00e1sa, nyilv\u00e1noss\u00e1gra hozatala,\u00a0 \u00a0 \u00a0 \u00f6sszehangol\u00e1sa vagy \u00f6sszekapcsol\u00e1sa, z\u00e1rol\u00e1sa, t\u00f6rl\u00e9se \u00e9s megsemmis\u00edt\u00e9se, valamint az adatok tov\u00e1bbi felhaszn\u00e1l\u00e1s\u00e1nak megakad\u00e1lyoz\u00e1sa, f\u00e9nyk\u00e9p-, hang- vagy k\u00e9pfelv\u00e9tel k\u00e9sz\u00edt\u00e9se, valamint a szem\u00e9ly azonos\u00edt\u00e1s\u00e1ra alkalmas fizikai jellemz\u0151k (pl. ujj- vagy teny\u00e9rnyomat, DNS-minta, \u00edriszk\u00e9p) r\u00f6gz\u00edt\u00e9se;\u00a0<\/p><p>Adattov\u00e1bb\u00edt\u00e1s: az adat meghat\u00e1rozott harmadik szem\u00e9ly sz\u00e1m\u00e1ra t\u00f6rt\u00e9n\u0151 hozz\u00e1f\u00e9rhet\u0151v\u00e9 t\u00e9tele;\u00a0<\/p><p>Nyilv\u00e1noss\u00e1gra hozatal:\u200b az adat b\u00e1rki sz\u00e1m\u00e1ra t\u00f6rt\u00e9n\u0151 hozz\u00e1f\u00e9rhet\u0151v\u00e9 t\u00e9tele;\u00a0<\/p><p>Adatt\u00f6rl\u00e9s:\u200b az adatok felismerhetetlenn\u00e9 t\u00e9tele oly m\u00f3don, hogy a helyre\u00e1ll\u00edt\u00e1suk t\u00f6bb\u00e9 nem lehets\u00e9ges;\u00a0<\/p><p>Adatmegjel\u00f6l\u00e9s:\u200b az adat azonos\u00edt\u00f3 jelz\u00e9ssel ell\u00e1t\u00e1sa annak megk\u00fcl\u00f6nb\u00f6ztet\u00e9se c\u00e9lj\u00e1b\u00f3l;\u00a0<\/p><p>Adatz\u00e1rol\u00e1s: az adat azonos\u00edt\u00f3 jelz\u00e9ssel ell\u00e1t\u00e1sa tov\u00e1bbi kezel\u00e9s\u00e9nek v\u00e9gleges vagy meghat\u00e1rozott id\u0151re t\u00f6rt\u00e9n\u0151 korl\u00e1toz\u00e1sa c\u00e9lj\u00e1b\u00f3l;\u00a0<\/p><p>Adatmegsemmis\u00edt\u00e9s: \u200baz adatokat tartalmaz\u00f3 adathordoz\u00f3 teljes fizikai megsemmis\u00edt\u00e9se; Adatfeldolgoz\u00e1s: az adatkezel\u00e9si m\u0171veletekhez kapcsol\u00f3d\u00f3 technikai feladatok elv\u00e9gz\u00e9se,\u00a0 f\u00fcggetlen\u00fcl a m\u0171veletek v\u00e9grehajt\u00e1s\u00e1hoz alkalmazott m\u00f3dszert\u0151l \u00e9s eszk\u00f6zt\u0151l, valamint az alkalmaz\u00e1s hely\u00e9t\u0151l, felt\u00e9ve hogy a technikai feladatot az adatokon v\u00e9gzik;\u00a0<\/p><p>Adatfeldolgoz\u00f3: az a term\u00e9szetes vagy jogi szem\u00e9ly, illetve jogi szem\u00e9lyis\u00e9ggel nem\u00a0 rendelkez\u0151 szervezet, aki vagy amely szerz\u0151d\u00e9s alapj\u00e1n -bele\u00e9rtve a jogszab\u00e1ly rendelkez\u00e9se\u00a0 alapj\u00e1n k\u00f6t\u00f6tt szerz\u0151d\u00e9st is \u2013 adatok feldolgoz\u00e1s\u00e1t v\u00e9gzi;\u00a0<\/p><p>Adatfelel\u0151s: az a k\u00f6zfeladatot ell\u00e1t\u00f3 szerv, amely az elektronikus \u00faton k\u00f6telez\u0151en\u00a0 k\u00f6zz\u00e9teend\u0151 k\u00f6z\u00e9rdek\u0171 adatot el\u0151\u00e1ll\u00edtotta, illetve amelynek a m\u0171k\u00f6d\u00e9se sor\u00e1n ez az adat keletkezett;\u00a0<\/p><p>Adatk\u00f6zl\u0151: az a k\u00f6zfeladatot ell\u00e1t\u00f3 szerv, amely \u2013 ha az adatfelel\u0151s nem maga teszi k\u00f6zz\u00e9 az adatot \u2013 az adatfelel\u0151s \u00e1ltal hozz\u00e1 eljuttatott adatait honlapon k\u00f6zz\u00e9teszi;\u00a0<\/p><p>Adat\u00e1llom\u00e1ny:\u200b az egy nyilv\u00e1ntart\u00e1sban kezelt adatok \u00f6sszess\u00e9ge;\u00a0<\/p><p>Harmadik szem\u00e9ly: olyan term\u00e9szetes vagy jogi szem\u00e9ly, illetve jogi szem\u00e9lyis\u00e9ggel nem rendelkez\u0151 szervezet, aki vagy amely nem azonos az \u00e9rintettel, az adatkezel\u0151vel vagy az\u00a0 adatfeldolgoz\u00f3val;\u00a0<\/p><p>Adatv\u00e9delmi incidens: szem\u00e9lyes adat jogellenes kezel\u00e9se vagy feldolgoz\u00e1sa, \u00edgy k\u00fcl\u00f6n\u00f6sen a jogosulatlan hozz\u00e1f\u00e9r\u00e9s, megv\u00e1ltoztat\u00e1s, tov\u00e1bb\u00edt\u00e1s, nyilv\u00e1noss\u00e1gra hozatal, t\u00f6rl\u00e9s vagy megsemmis\u00edt\u00e9s, valamint a v\u00e9letlen megsemmis\u00fcl\u00e9s \u00e9s s\u00e9r\u00fcl\u00e9s.\u00a0\u00a0<\/p><h3>3. Az adatkezel\u0151 megnevez\u00e9se\u00a0<\/h3><p>3.1. Az adatkezel\u00e9st \u00e9s adatfeldolgoz\u00e1st v\u00e9gz\u0151 szem\u00e9lyek neve, el\u00e9rhet\u0151s\u00e9ge (a tov\u00e1bbiakban: adatkezel\u0151k)\u00a0 \u00a0 \u00a0 \u00a0 \u00a0\u00a0<\/p><p><b>A k\u00f6z\u00f6s adatkezel\u0151k:\u00a0<\/b><\/p><p><b>Bencze Attila E. V.<\/b><\/p><p>Sz\u00e9khely \u00e9s levelez\u00e9si c\u00edm: <br \/>1148. Budapest, Nagy Lajos kir\u00e1ly \u00fatja 94\/c.<\/p><p>Ad\u00f3azonos\u00edt\u00f3 jel:\u00a0<br \/>91320238-1-42<\/p><p>E-mail c\u00edm: <br \/>attila@koridoben.hu<\/p><p>&#8211; Adatkezel\u00e9s, Jelentkez\u00e9s, H\u00edrlev\u00e9lk\u00fcld\u00e9s, Sz\u00e1ml\u00e1z\u00e1s<\/p><p><strong>MiniCRM<\/strong><\/p><ul><li>A c\u00e9g elnevez\u00e9se:<br \/><strong>MiniCRM Szolg\u00e1ltat\u00f3 \u00e9s Kereskedelmi Z\u00e1rtk\u00f6r\u0171en M\u0171k\u00f6d\u0151 R\u00e9szv\u00e9nyt\u00e1rsas\u00e1g<\/strong><\/li><li>A c\u00e9g sz\u00e9khelye: <br \/><strong>1075 Budapest, Mad\u00e1ch Imre \u00fat 13-14.<\/strong><\/li><li>Szerverszolg\u00e1ltat\u00f3:<br \/><strong>Telekom Rendszerintegr\u00e1ci\u00f3 Zrt. &#8211; T-Systems Cloud &amp; DataCenter Budapest<\/strong><\/li><\/ul><p>3.2. Adatkezel\u0151 a tev\u00e9kenys\u00e9g\u00e9t az \u00c9rintettek szem\u00e9lyis\u00e9gi jogainak v\u00e9delm\u00e9vel, a vonatkoz\u00f3 jogszab\u00e1lyok, \u00edgy k\u00fcl\u00f6n\u00f6sen a Polg\u00e1ri T\u00f6rv\u00e9nyk\u00f6nyv, valamint az inform\u00e1ci\u00f3s \u00f6nrendelkez\u00e9si jogr\u00f3l \u00e9s az inform\u00e1ci\u00f3szabads\u00e1gr\u00f3l; sz\u00f3l\u00f3 2011. \u00e9vi CXII. t\u00f6rv\u00e9ny (tov\u00e1bbiakban: Atv.) rendelkez\u00e9seinek betart\u00e1s\u00e1val v\u00e9gzi.\u00a0\u00a0<\/p><h3>4. Az adatkezel\u00e9s c\u00e9lja, jogalapja \u00e9s m\u00f3dja<\/h3><p>4.1. Az adatkezel\u00e9s c\u00e9lja\u00a0\u00a0<\/p><p>Adatkezel\u0151 a megadott adatokat kiz\u00e1r\u00f3lag az \u00c9rintettek \u00e1ltal a Weboldalon ig\u00e9nyelt\u00a0 szolg\u00e1ltat\u00e1s tartalm\u00e1nak meghat\u00e1roz\u00e1sa, m\u00f3dos\u00edt\u00e1sa, teljes\u00edt\u00e9se, sz\u00e1ml\u00e1z\u00e1sa, valamint az azzal kapcsolatos k\u00f6vetel\u00e9sek \u00e9rv\u00e9nyes\u00edt\u00e9se, tov\u00e1bb\u00e1 az \u00c9rintettek \u00e1ltal k\u00e9rt egy\u00e9b m\u0171veletek (pl. h\u00edrlev\u00e9l k\u00fcld\u00e9se) c\u00e9lj\u00e1b\u00f3l kezeli.\u00a0\u00a0<\/p><p>4.2. Az adatkezel\u00e9s jogalapja\u00a0\u00a0<\/p><p>\u00c9rintettek \u00e1ltal a Weboldalon ig\u00e9nyelt szolg\u00e1ltat\u00e1s ig\u00e9nybev\u00e9tele (id\u0151pontok, helysz\u00ednek) m\u00f3dos\u00edt\u00e1sa, szolg\u00e1ltat\u00e1s teljes\u00edt\u00e9se, r\u00e9szv\u00e9teli d\u00edj sz\u00e1ml\u00e1z\u00e1sa, valamint az azzal kapcsolatos k\u00f6vetel\u00e9sek \u00e9rv\u00e9nyes\u00edt\u00e9se, tov\u00e1bb\u00e1 az \u00c9rintettek \u00e1ltal k\u00e9rt egy\u00e9b m\u0171veletek (pl. h\u00edrlev\u00e9l k\u00fcld\u00e9se) c\u00e9lj\u00e1b\u00f3l kezeli.\u00a0\u00a0<\/p><p>A Szervez\u0151az \u00c9rintettek szem\u00e9lyes adatait tartalmaz\u00f3 \u2013 \u00e9s az adatkezel\u00e9sre felhatalmaz\u00f3 \u2013\u00a0 adatlapot k\u00f6teles biztons\u00e1gosan meg\u0151rizni, k\u00f6teles biztos\u00edtani, hogy annak tartalm\u00e1t harmadik szem\u00e9ly ne ismerhesse meg.\u00a0\u00a0<\/p><p>\u00c9rintettek a Weboldal haszn\u00e1lat\u00e1val, az Adatkezel\u0151vel k\u00f6t\u00f6tt keretszerz\u0151d\u00e9ssel \u00e9s\/vagy a mindenkori \u00c1ltal\u00e1nos Szerz\u0151d\u00e9si Felt\u00e9teleinek (\u00c1SZF) elfogad\u00e1s\u00e1val, a szolg\u00e1ltat\u00e1s ig\u00e9nybev\u00e9tel\u00e9hez sz\u00fcks\u00e9ges adatok \u00f6nk\u00e9ntes megad\u00e1s\u00e1val hozz\u00e1j\u00e1rul\u00e1sukat adj\u00e1k azok kezel\u00e9s\u00e9hez.\u00a0\u00a0<\/p><p>Abban az esetben, ha valaki egy m\u00e1sik szem\u00e9ly megb\u00edz\u00e1s\u00e1b\u00f3l j\u00e1r el, akkor az \u0151 felel\u0151ss\u00e9ge az \u00c9rintett szem\u00e9ly beleegyez\u00e9s\u00e9nek megszerz\u00e9se adatainak k\u00f6zl\u00e9s\u00e9hez. Cselekv\u0151k\u00e9ptelen \u00e9s korl\u00e1tozottan cselekv\u0151k\u00e9pes szem\u00e9lyek nyilatkozat\u00e1hoz a t\u00f6rv\u00e9nyes k\u00e9pvisel\u0151 el\u0151zetes hozz\u00e1j\u00e1rul\u00e1sa sz\u00fcks\u00e9ges.\u00a0\u00a0<\/p><p>4.3. Az adatkezel\u00e9s m\u00f3dja\u00a0\u00a0<\/p><p>Adatkezel\u0151 a megadott szem\u00e9lyes adatokat nem ellen\u0151rzi, azok megfelel\u0151s\u00e9g\u00e9\u00e9rt kiz\u00e1r\u00f3lag az azokat megad\u00f3 szem\u00e9ly felel.\u00a0\u00a0<\/p><p>4.3.1. Weboldal\u00a0\u00a0<\/p><p>A Weboldal megtekint\u00e9se a szem\u00e9lyes adatok r\u00f6gz\u00edt\u00e9se \u00e9s regisztr\u00e1ci\u00f3 n\u00e9lk\u00fcl is lehets\u00e9ges \u00e9s ingyenes az \u00c9rintettek sz\u00e1m\u00e1ra. Adatkezel\u0151 a Weboldal l\u00e1togatotts\u00e1gi adatait a Google Analytics szolg\u00e1ltat\u00e1s ig\u00e9nybev\u00e9tel\u00e9vel m\u00e9ri. A szolg\u00e1ltat\u00e1s haszn\u00e1lata sor\u00e1n adatok ker\u00fclnek tov\u00e1bb\u00edt\u00e1sra. A tov\u00e1bb\u00edtott adatok az \u00e9rintett azonos\u00edt\u00e1s\u00e1ra nem alkalmasak. A Google adatv\u00e9delmi elveir\u0151l b\u0151vebb inform\u00e1ci\u00f3 a Google oldal\u00e1n olvashat\u00f3:\u00a0 http:\/\/www.google.hu\/policies\/privacy\/ads\/\u00a0\u00a0<\/p><p>Cookie policy (Eu), <br \/><a href=\"http:\/\/koridoben.hu\/\">koridoben.hu<\/a><\/p><p>4.3.2. E-mail c\u00edmek felhaszn\u00e1l\u00e1sa\u00a0\u00a0<\/p><p>Adatkezel\u0151 az \u00e1ltala kezelt elektronikus lev\u00e9lc\u00edmeket csak az al\u00e1bbiakban meghat\u00e1rozott m\u00f3don haszn\u00e1lja fel (t\u00e1j\u00e9koztat\u00f3 vagy rekl\u00e1m) e-mail k\u00fcld\u00e9s\u00e9re. Az e-mail c\u00edmek kezel\u00e9se a szolg\u00e1ltat\u00e1sok ig\u00e9nybev\u00e9tele \u00e9s teljes\u00edt\u00e9se sor\u00e1n a kapcsolattart\u00e1st szolg\u00e1lja, \u00edgy els\u0151sorban ennek \u00e9rdek\u00e9ben ker\u00fcl sor e-mail k\u00fcld\u00e9s\u00e9re. Adatkezel\u0151 az \u00e1ltala ny\u00fajtott szolg\u00e1ltat\u00e1sok vagy az \u00c1SZF v\u00e1ltoz\u00e1sa eset\u00e9n a v\u00e1ltoz\u00e1sokra, valamint egy\u00e9b hasonl\u00f3 szolg\u00e1ltat\u00e1saira vonatkoz\u00f3 t\u00e1j\u00e9koztat\u00e1st bizonyos esetekben, elektronikus form\u00e1ban, e-mailben juttatja el az \u00c9rintettek r\u00e9sz\u00e9re. Az ilyen \u201c\u00e9rtes\u00edt\u00e9si list\u00e1r\u00f3l\u201d nem lehet leiratkozni, ezen \u00e9rtes\u00edt\u00e9seket azonban az Adatkezel\u0151 nem haszn\u00e1lja rekl\u00e1moz\u00e1si c\u00e9lra.\u00a0\u00a0<\/p><p>\u00a04.3.3. H\u00edrlev\u00e9l\u00a0\u00a0<\/p><p>Az \u00c9rintetteknek m\u00f3djuk van a szerz\u0151d\u00e9sk\u00f6t\u00e9s alkalm\u00e1val, illetve a Weboldal haszn\u00e1lata sor\u00e1n az erre a c\u00e9lra l\u00e9trehozott men\u00fcpont seg\u00edts\u00e9g\u00e9vel az Adatkezel\u0151 h\u00edrlevel\u00e9re feliratkozni. A h\u00edrlev\u00e9lre feliratkoz\u00e1s \u00f6nk\u00e9ntes. Feliratkoz\u00e1s eset\u00e9n az \u00c9rintettek kifejezetten hozz\u00e1j\u00e1rulnak, hogy az \u00e1ltaluk megadott email c\u00edmre t\u00e1j\u00e9koztat\u00f3 \u00e9s rekl\u00e1mc\u00e9l\u00fa tartalmak ker\u00fcljenek tov\u00e1bb\u00edt\u00e1sra az Adatkezel\u0151 \u00e1ltal meghat\u00e1rozott id\u0151k\u00f6z\u00f6nk\u00e9nt. Az \u00c9rintettek b\u00e1rmikor leiratkozhatnak a h\u00edrlev\u00e9l alj\u00e1n elhelyezett link seg\u00edts\u00e9g\u00e9vel.\u00a0<\/p><h3>5. A kezelt szem\u00e9lyes adatok k\u00f6re\u00a0<\/h3><p>5.1. Az els\u0151dlegesen kezelt adatok k\u00f6re:\u00a0\u00a0<\/p><p>Mag\u00e1nszem\u00e9lyek eset\u00e9n n\u00e9v, telefonsz\u00e1m, lakc\u00edm, e-mail c\u00edm\u00a0\u00a0<\/p><p>Jogi szem\u00e9lyek eset\u00e9n jogi szem\u00e9ly neve, sz\u00e9khelye, c\u00e9gjegyz\u00e9ksz\u00e1m, ad\u00f3sz\u00e1m, banksz\u00e1mlasz\u00e1m, \u00fcgyint\u00e9z\u0151 neve, el\u00e9rhet\u0151s\u00e9ge.<\/p><h3>6. Az adatkezel\u00e9s id\u0151tartama\u00a0<\/h3><p>6.1. Az Adatkezel\u0151 \u2013 az \u00c9rintett \u00e1ltal megrendelt szolg\u00e1ltat\u00e1s teljes\u00edt\u00e9s\u00e9nek, elsz\u00e1mol\u00e1s\u00e1nak \u00e9s kifizet\u00e9s\u00e9nek, valamint az azzal kapcsolatos reklam\u00e1ci\u00f3 beny\u00fajt\u00e1si hat\u00e1ridej\u00e9nek, illetve a beny\u00fajtott reklam\u00e1ci\u00f3 joger\u0151s lez\u00e1r\u00e1s\u00e1nak id\u0151pontj\u00e1n t\u00fal \u2013 mindaddig kezeli az \u00c9rintett \u00e1ltal megadott adatokat, am\u00edg az \u00c9rintett az adatok t\u00f6rl\u00e9s\u00e9t kifejezetten nem k\u00e9ri. A t\u00f6rl\u00e9s nem vonatkozik a jogszab\u00e1ly (pl. sz\u00e1mviteli szab\u00e1lyoz\u00e1s) alapj\u00e1n sz\u00fcks\u00e9ges adatkezel\u00e9sekre, azokat Adatkezel\u0151 a sz\u00fcks\u00e9ges id\u0151tartamig meg\u0151rzi.\u00a0\u00a0<\/p><h3>7. Az adatokat megismer\u0151 szem\u00e9lyek k\u00f6re, adattov\u00e1bb\u00edt\u00e1s, adatfeldolgoz\u00e1s\u00a0<\/h3><p>7.1. \u00c9rintett kifejezetten hozz\u00e1j\u00e1rul ahhoz, hogy a megadott szem\u00e9lyes adatait (n\u00e9v, telefonsz\u00e1m, lakc\u00edm, e-mail c\u00edm) az Adatkezel\u0151 m\u00e1s szervezetek (a szolg\u00e1ltat\u00e1s teljes\u00edt\u00e9s\u00e9ben k\u00f6zrem\u0171k\u00f6d\u0151 Szervez\u0151) r\u00e9sz\u00e9re tov\u00e1bb\u00edtsa.\u00a0\u00a0<\/p><p>7.2. Az Adatkezel\u0151 az \u00c9rintett \u00e1ltal megadott szem\u00e9lyes adatok val\u00f3dis\u00e1g\u00e1\u00e9rt felel\u0151ss\u00e9get nem v\u00e1llal, azok\u00e9rt kiz\u00e1r\u00f3lag \u00c9rintett felel\u0151s.\u00a0<\/p><p>\u00a07.3. A szolg\u00e1ltat\u00e1s teljes\u00edt\u00e9se, az alapul fekv\u0151 informatikai rendszer \u00fczemeltet\u00e9se, az elsz\u00e1mol\u00e1s rendez\u00e9se k\u00f6r\u00e9ben Adatkezel\u0151 adatfeldolgoz\u00f3t (pl. rendszer-\u00fczemeltet\u0151,\u00a0 k\u00f6nyvel\u0151) vehet ig\u00e9nybe. Adatkezel\u0151 az ilyen k\u00fcls\u0151 szerepl\u0151k adatkezel\u00e9si gyakorlat\u00e1\u00e9rt nem felel\u0151s.\u00a0<\/p><h3>8. Felhaszn\u00e1l\u00f3i jogok \u00e9s jog\u00e9rv\u00e9nyes\u00edt\u00e9si lehet\u0151s\u00e9gek\u00a0<\/h3><p>8.1. \u00c9rintettek az Adatkezel\u0151 email c\u00edm\u00e9n vagy postai \u00faton t\u00e1j\u00e9koztat\u00e1st k\u00e9rhetnek szem\u00e9lyes\u00a0 adataik kezel\u00e9s\u00e9r\u0151l, illetve k\u00e9rhetik szem\u00e9lyes adataik kijav\u00edt\u00e1s\u00e1t vagy megv\u00e1ltoztat\u00e1s\u00e1t, valamint \u2013 a jogszab\u00e1lyban elrendelt, valamint a megrendelt szolg\u00e1ltat\u00e1sok teljes\u00edt\u00e9s\u00e9hez \u00e9s\u00a0 elsz\u00e1mol\u00e1s\u00e1hoz sz\u00fcks\u00e9ges adatkezel\u00e9sek kiv\u00e9tel\u00e9vel \u2013 t\u00f6rl\u00e9s\u00e9t. A t\u00e1j\u00e9koztat\u00e1s ingyenes, de az egy napt\u00e1ri \u00e9ven bel\u00fcli ism\u00e9telt t\u00e1j\u00e9koztat\u00e1sk\u00e9r\u00e9s eset\u00e9n az Adatkezel\u0151 fenntartja a jogot, hogy adminisztr\u00e1ci\u00f3s d\u00edjat sz\u00e1moljon fel. Az Adatkezel\u0151 a t\u00e1j\u00e9koztat\u00e1s megad\u00e1s\u00e1t \u2013 illetve az adatok m\u00f3dos\u00edt\u00e1s\u00e1t vagy t\u00f6rl\u00e9s\u00e9t \u2013 az \u00c9rintett azonos\u00edt\u00e1s\u00e1hoz k\u00f6theti, az azonos\u00edt\u00e1s sor\u00e1n az\u00a0 \u00c9rintett k\u00f6teles megadni mindazon szem\u00e9lyes adatokat (n\u00e9v, telefonsz\u00e1m, lakc\u00edm, e-mailc\u00edm) amelyek az Adatkezel\u0151 r\u00e9sz\u00e9re kor\u00e1bban megad\u00e1sra ker\u00fcltek.\u00a0\u00a0<\/p><p>8.2. Az Adatkezel\u0151 az \u00c9rintett adatkezel\u00e9sre vonatkoz\u00f3 megkeres\u00e9s\u00e9re legfeljebb 25 napon bel\u00fcl k\u00f6teles reag\u00e1lni \u2013 az \u00c9rintett k\u00e9r\u00e9s\u00e9nek elutas\u00edt\u00e1sa eset\u00e9n indokl\u00e1ssal ell\u00e1tni v\u00e1lasz\u00e1t. Amennyiben az \u00c9rintett az Adatkezel\u0151 \u00e1ltal meghozott d\u00f6nt\u00e9ssel vagy v\u00e9grehajtott int\u00e9zked\u00e9ssel nem \u00e9rt egyet, a d\u00f6nt\u00e9s vagy int\u00e9zked\u00e9s ellen \u2013 annak k\u00f6zl\u00e9s\u00e9t\u0151l sz\u00e1m\u00edtott 30 napon bel\u00fcl \u2013 b\u00edr\u00f3s\u00e1ghoz fordulhat.\u00a0\u00a0<\/p><p>8.3. Amennyiben az \u00c9rintett a szolg\u00e1ltat\u00e1s ig\u00e9nybev\u00e9tel\u00e9hez az adatk\u00f6zl\u00e9s sor\u00e1n harmadik f\u00e9l adatait adta meg \u00e9s ezzel b\u00e1rmilyen m\u00f3don k\u00e1rt okozott, Adatkezel\u0151 jogosult az \u00c9rintettel szembeni k\u00e1rt\u00e9r\u00edt\u00e9s \u00e9rv\u00e9nyes\u00edt\u00e9s\u00e9re. Adatkezel\u0151 ilyen esetben minden t\u0151le telhet\u0151 seg\u00edts\u00e9get megad az elj\u00e1r\u00f3 hat\u00f3s\u00e1goknak a jogs\u00e9rt\u0151 szem\u00e9ly szem\u00e9lyazonoss\u00e1g\u00e1nak meg\u00e1llap\u00edt\u00e1sa c\u00e9lj\u00e1b\u00f3l.\u00a0\u00a0<\/p><p>8.4. Az \u00c9rintett tiltakozhat szem\u00e9lyes adat\u00e1nak kezel\u00e9se ellen. Az Adatkezel\u0151 a tiltakoz\u00e1st a k\u00e9relem beny\u00fajt\u00e1s\u00e1t\u00f3l sz\u00e1m\u00edtott legr\u00f6videbb id\u0151n bel\u00fcl, de legfeljebb 15 napon bel\u00fcl megvizsg\u00e1lja, annak megalapozotts\u00e1ga k\u00e9rd\u00e9s\u00e9ben d\u00f6nt\u00e9st hoz, \u00e9s d\u00f6nt\u00e9s\u00e9r\u0151l az \u00c9rintettet \u00edr\u00e1sban t\u00e1j\u00e9koztatja. Ha az Adatkezel\u0151 az \u00e9rintett tiltakoz\u00e1s\u00e1nak megalapozotts\u00e1g\u00e1t meg\u00e1llap\u00edtja, az adatkezel\u00e9st \u2013 bele\u00e9rtve a tov\u00e1bbi adatfelv\u00e9telt \u00e9s adattov\u00e1bb\u00edt\u00e1st is megsz\u00fcnteti, \u00e9s az adatokat z\u00e1rolja, valamint a tiltakoz\u00e1sr\u00f3l, tov\u00e1bb\u00e1 az annak alapj\u00e1n tett int\u00e9zked\u00e9sekr\u0151l \u00e9rtes\u00edti mindazokat, akik r\u00e9sz\u00e9re a tiltakoz\u00e1ssal \u00e9rintett szem\u00e9lyes adatot kor\u00e1bban tov\u00e1bb\u00edtotta, \u00e9s akik k\u00f6telesek int\u00e9zkedni a tiltakoz\u00e1si jog \u00e9rv\u00e9nyes\u00edt\u00e9se \u00e9rdek\u00e9ben. Ha az \u00e9rintett az Adatkezel\u0151nek a d\u00f6nt\u00e9s\u00e9vel nem \u00e9rt egyet, illetve ha az Adatkezel\u0151 a fenti\u00a0 hat\u00e1rid\u0151t elmulasztja, az \u00c9rintett \u2013 a d\u00f6nt\u00e9s k\u00f6zl\u00e9s\u00e9t\u0151l, illetve a hat\u00e1rid\u0151 utols\u00f3 napj\u00e1t\u00f3l sz\u00e1m\u00edtott 30 napon bel\u00fcl \u2013 a b\u00edr\u00f3s\u00e1ghoz fordulhat.\u00a0\u00a0<\/p><p>8.5. Jogorvoslatok, jog\u00e9rv\u00e9nyes\u00edt\u00e9s: az \u00c9rintett jogainak megs\u00e9rt\u00e9se eset\u00e9n, az Adatkezel\u0151 ellen b\u00edr\u00f3s\u00e1ghoz fordulhat. A b\u00edr\u00f3s\u00e1g az \u00fcgyben soron k\u00edv\u00fcl j\u00e1r el. A per elb\u00edr\u00e1l\u00e1sa t\u00f6rv\u00e9nysz\u00e9k hat\u00e1sk\u00f6r\u00e9be tartozik. A per \u2013 az \u00e9rintett v\u00e1laszt\u00e1sa szerint \u2013 az \u00c9rintett lak\u00f3helye vagy tart\u00f3zkod\u00e1si helye szerinti t\u00f6rv\u00e9nysz\u00e9k el\u0151tt is megind\u00edthat\u00f3.\u00a0<\/p><p>8.6. Hat\u00f3s\u00e1gi bejelent\u00e9s. A Hat\u00f3s\u00e1gn\u00e1l bejelent\u00e9ssel b\u00e1rki vizsg\u00e1latot kezdem\u00e9nyezhet arra hivatkoz\u00e1ssal, hogy szem\u00e9lyes adatok kezel\u00e9s\u00e9vel kapcsolatban jogs\u00e9relem k\u00f6vetkezett be, vagy annak k\u00f6zvetlen vesz\u00e9lye fenn\u00e1ll. A Hat\u00f3s\u00e1g vizsg\u00e1lata a bejelent\u00e9s eset\u00e9n az ig\u00e9ny elutas\u00edt\u00e1s\u00e1nak k\u00f6zl\u00e9s\u00e9t\u0151l, a hat\u00e1rid\u0151 eredm\u00e9nytelen eltelt\u00e9t\u0151l, illetve a k\u00f6lts\u00e9gt\u00e9r\u00edt\u00e9s megfizet\u00e9s\u00e9re vonatkoz\u00f3 hat\u00e1rid\u0151 lej\u00e1rt\u00e1t\u00f3l sz\u00e1m\u00edtott egy \u00e9ven bel\u00fcl kezdem\u00e9nyezhet\u0151.\u00a0<\/p><p>Nemzeti Adatv\u00e9delmi \u00e9s Inform\u00e1ci\u00f3szabads\u00e1g Hat\u00f3s\u00e1g \u2013 1055 Budapest,<\/p><p>Falk Miksa utca 9-11.; telefonsz\u00e1m: (361) 391 1400\u00a0<\/p><h3>9. Egy\u00e9b rendelkez\u00e9sek\u00a0<\/h3><p>9.1. Adatkezel\u0151 gondoskodik az adatok biztons\u00e1g\u00e1r\u00f3l, megteszi tov\u00e1bb\u00e1 azokat a technikai int\u00e9zked\u00e9seket, amelyek biztos\u00edtj\u00e1k, hogy a felvett, t\u00e1rolt, illetve kezelt adatok v\u00e9dettek legyenek, illet\u0151leg mindent megtesz annak \u00e9rdek\u00e9ben, hogy megakad\u00e1lyozza azok megsemmis\u00fcl\u00e9s\u00e9t, jogosulatlan felhaszn\u00e1l\u00e1s\u00e1t \u00e9s jogosulatlan megv\u00e1ltoztat\u00e1s\u00e1t. Tov\u00e1bb\u00e1 k\u00f6telezi mag\u00e1t arra is, hogy minden olyan harmadik felet, akiknek az adatokat esetlegesen\u00a0 tov\u00e1bb\u00edtja vagy \u00e1tadja, ugyancsak felh\u00edvja ez ir\u00e1ny\u00fa k\u00f6telezetts\u00e9geinek teljes\u00edt\u00e9s\u00e9re.\u00a0\u00a0<\/p><p>9.2. Az adatok kezel\u00e9se sor\u00e1n az Adatkezel\u0151 a t\u00f6rv\u00e9ny el\u0151\u00edr\u00e1sait marad\u00e9ktalanul betartva, a legnagyobb k\u00f6r\u00fcltekint\u00e9ssel j\u00e1r el, azokat bizalmasan kezeli \u00e9s harmadik szem\u00e9lyek r\u00e9sz\u00e9re nem teszi hozz\u00e1f\u00e9rhet\u0151v\u00e9, kiv\u00e9ve, ha a szerz\u0151d\u00e9sb\u0151l sz\u00e1rmaz\u00f3 jogainak \u00e9rv\u00e9nyes\u00edt\u00e9se \u00e9rdek\u00e9ben ez sz\u00fcks\u00e9ges, illetve az adat hat\u00f3s\u00e1gok r\u00e9sz\u00e9re t\u00f6rt\u00e9n\u0151 \u00e1tad\u00e1s\u00e1t jogszab\u00e1ly, vagy joger\u0151s hat\u00f3s\u00e1gi, illetve b\u00edr\u00f3s\u00e1gi hat\u00e1rozat rendeli el.\u00a0\u00a0<\/p><p>9.3. Adatkezel\u0151 fenntartja a jogot, hogy jelen T\u00e1j\u00e9koztat\u00f3t az \u00c9rintettek el\u0151zetes \u00e9rtes\u00edt\u00e9se mellett egyoldal\u00faan m\u00f3dos\u00edtsa. A m\u00f3dos\u00edt\u00e1s hat\u00e1lyba l\u00e9p\u00e9s\u00e9t k\u00f6vet\u0151en az \u00c9rintettek a szolg\u00e1ltat\u00e1s haszn\u00e1lat\u00e1val r\u00e1utal\u00f3 magatart\u00e1sukkal elfogadj\u00e1k a m\u00f3dos\u00edtott T\u00e1j\u00e9koztat\u00f3ban foglaltakat.\u00a0\u00a0<\/p><p>Kelt: <br \/>Budapest, 2025. J\u00falius 1.\u00a0<\/p>\t\t\t\t\t\t\t\t<\/div>\n\t\t\t\t<\/div>\n\t\t\t\t\t<\/div>\n\t\t\t\t<\/div>\n\t\t\t\t<\/div>","protected":false},"excerpt":{"rendered":"<p>ADATV\u00c9DELMI NYILATKOZAT, Adatv\u00e9delmi \u00e9s adatkezel\u00e9si t\u00e1j\u00e9koztat\u00f3\u00a0 1. A T\u00e1j\u00e9koztat\u00f3 c\u00e9lja\u00a0 1.1. Jelen dokumentum c\u00e9lja, hogy megfelel\u0151 t\u00e1j\u00e9koztat\u00e1st \u00e9s v\u00e9delmet ny\u00fajtson a www.koridoben.hu honlapra l\u00e1togat\u00f3 (tov\u00e1bbiakban: Weboldal) \u00e9s a Weboldalon kereszt\u00fcl szolg\u00e1ltat\u00e1st ig\u00e9nybe vev\u0151 term\u00e9szetes szem\u00e9lyek sz\u00e1m\u00e1ra (tov\u00e1bbiakban egy\u00fcttesen: \u00c9rintettek) a szem\u00e9lyes adatok v\u00e9delm\u00e9r\u0151l az inform\u00e1ci\u00f3s \u00f6nrendelkez\u00e9si jogr\u00f3l \u00e9s az inform\u00e1ci\u00f3szabads\u00e1gr\u00f3l sz\u00f3l\u00f3 2011. \u00e9vi CXII. t\u00f6rv\u00e9ny [&hellip;]<\/p>\n","protected":false},"author":1,"featured_media":0,"parent":0,"menu_order":0,"comment_status":"closed","ping_status":"closed","template":"","meta":{"footnotes":""},"class_list":["post-395","page","type-page","status-publish","hentry"],"_links":{"self":[{"href":"https:\/\/koridoben.hu\/en\/wp-json\/wp\/v2\/pages\/395","targetHints":{"allow":["GET"]}}],"collection":[{"href":"https:\/\/koridoben.hu\/en\/wp-json\/wp\/v2\/pages"}],"about":[{"href":"https:\/\/koridoben.hu\/en\/wp-json\/wp\/v2\/types\/page"}],"author":[{"embeddable":true,"href":"https:\/\/koridoben.hu\/en\/wp-json\/wp\/v2\/users\/1"}],"replies":[{"embeddable":true,"href":"https:\/\/koridoben.hu\/en\/wp-json\/wp\/v2\/comments?post=395"}],"version-history":[{"count":22,"href":"https:\/\/koridoben.hu\/en\/wp-json\/wp\/v2\/pages\/395\/revisions"}],"predecessor-version":[{"id":1453,"href":"https:\/\/koridoben.hu\/en\/wp-json\/wp\/v2\/pages\/395\/revisions\/1453"}],"wp:attachment":[{"href":"https:\/\/koridoben.hu\/en\/wp-json\/wp\/v2\/media?parent=395"}],"curies":[{"name":"wp","href":"https:\/\/api.w.org\/{rel}","templated":true}]}}