{"id":820,"date":"2025-07-16T17:57:23","date_gmt":"2025-07-16T15:57:23","guid":{"rendered":"https:\/\/koridoben.hu\/?page_id=820"},"modified":"2025-09-04T10:43:01","modified_gmt":"2025-09-04T08:43:01","slug":"altalanos-szerzodesi-feltetelek","status":"publish","type":"page","link":"https:\/\/koridoben.hu\/en\/altalanos-szerzodesi-feltetelek\/","title":{"rendered":"\u00c1ltal\u00e1nos Szerz\u0151d\u00e9si Felt\u00e9telek"},"content":{"rendered":"\t\t<div data-elementor-type=\"wp-page\" data-elementor-id=\"820\" class=\"elementor elementor-820\" data-elementor-post-type=\"page\">\n\t\t\t\t<div class=\"elementor-element elementor-element-e2a5733 e-flex e-con-boxed e-con e-parent\" data-id=\"e2a5733\" data-element_type=\"container\" data-e-type=\"container\">\n\t\t\t\t\t<div class=\"e-con-inner\">\n\t\t<div class=\"elementor-element elementor-element-cff0eee e-con-full e-flex e-con e-child\" data-id=\"cff0eee\" data-element_type=\"container\" data-e-type=\"container\">\n\t\t\t\t<\/div>\n\t\t\t\t<div class=\"elementor-element elementor-element-ad911dd elementor-widget elementor-widget-text-editor\" data-id=\"ad911dd\" data-element_type=\"widget\" data-e-type=\"widget\" data-widget_type=\"text-editor.default\">\n\t\t\t\t<div class=\"elementor-widget-container\">\n\t\t\t\t\t\t\t\t\t<h1><b>\u00c1ltal\u00e1nos Szerz\u0151d\u00e9si Felt\u00e9telek<\/b><\/h1><p>Jelen \u00c1ltal\u00e1nos Szerz\u0151d\u00e9si Felt\u00e9telek (tov\u00e1bbiakban \u00c1SZF) tartalmazza a\u00a0<a href=\"https:\/\/koridoben.hu\/\">https:\/\/koridoben.hu<\/a>\u00a0weboldalon el\u00e9rhet\u0151 szolg\u00e1ltat\u00e1s ig\u00e9nybev\u00e9tel\u00e9nek, ig\u00e9nybe vev\u0151 \u00e1ltali haszn\u00e1lat\u00e1nak, valamint a szolg\u00e1ltat\u00e1s haszn\u00e1lata folyt\u00e1n l\u00e9trej\u00f6tt jogviszonyra vonatkoz\u00f3 felt\u00e9teleket, tov\u00e1bb\u00e1 a R\u00e9sztvev\u0151 \u00e9s a szolg\u00e1ltat\u00f3 k\u00f6z\u00f6tti szerz\u0151d\u00e9sek r\u00e9szletes szab\u00e1lyair\u00f3l sz\u00f3l\u00f3 45\/2014. (II. 26.) Korm. rendelet rendelkez\u00e9seinek \u00e9rv\u00e9nyes\u00fcl\u00e9s\u00e9t.<\/p>\t\t\t\t\t\t\t\t<\/div>\n\t\t\t\t<\/div>\n\t\t\t\t\t<\/div>\n\t\t\t\t<\/div>\n\t\t<div class=\"elementor-element elementor-element-74d74df e-flex e-con-boxed e-con e-parent\" data-id=\"74d74df\" data-element_type=\"container\" data-e-type=\"container\">\n\t\t\t\t\t<div class=\"e-con-inner\">\n\t\t<div class=\"elementor-element elementor-element-d6883be e-con-full e-flex e-con e-child\" data-id=\"d6883be\" data-element_type=\"container\" data-e-type=\"container\">\n\t\t\t\t<\/div>\n\t\t\t\t<div class=\"elementor-element elementor-element-4cb97d0 elementor-widget elementor-widget-text-editor\" data-id=\"4cb97d0\" data-element_type=\"widget\" data-e-type=\"widget\" data-widget_type=\"text-editor.default\">\n\t\t\t\t<div class=\"elementor-widget-container\">\n\t\t\t\t\t\t\t\t\t<h4><b>1. \u00c1ltal\u00e1nos rendelkez\u00e9sek\u00a0<\/b><\/h4><p>1.1. <strong>Bencze Attila E. V<\/strong>., mint szolg\u00e1ltat\u00f3 (a tov\u00e1bbiakban: <strong>Szolg\u00e1ltat\u00f3<\/strong>; r\u00e9szletes adatok \u00e9s el\u00e9rhet\u0151s\u00e9g: <strong>Bencze Attila, sz\u00e9khely: 1148. Nagy Lajos kir\u00e1ly \u00fatja 94\/c. Ad\u00f3sz\u00e1m: [91320238-1-42]<\/strong>; kapcsolattart\u00e1sra haszn\u00e1lt elektronikus levelez\u00e9si c\u00edme: <strong>attila@koridoben.hu<\/strong>) on-line internetes rendszert (a tov\u00e1bbiakban: <strong>Rendszer<\/strong>) \u00fczemeltet k\u00fcl\u00f6nb\u00f6z\u0151 saj\u00e1t\u00e9lm\u00e9nyes tr\u00e9ningre, \u00fan. &#8216;Community Building&#8217;\u00a0 foglalkoz\u00e1sra \u00e9s egy\u00e9b konzult\u00e1ci\u00f3ra t\u00f6rt\u00e9n\u0151 jelentkez\u00e9s \u00e9s v\u00e1s\u00e1rl\u00e1s lehet\u0151v\u00e9 t\u00e9tele \u00e9rdek\u00e9ben (a tov\u00e1bbiakban:\u00a0 <strong>V\u00e1s\u00e1rl\u00e1s<\/strong>).<br \/>1.2. A Szolg\u00e1ltat\u00f3 biztos\u00edtja a R\u00e9sztvev\u0151k r\u00e9sz\u00e9re a Weboldalakon meghirdetett &#8216;Community Building&#8217; programokra (Community Building Workshop\/CBW, Community Building Skills Training\/CBST) \u00e9s egy\u00e9b konzult\u00e1ci\u00f3kra, foglalkoz\u00e1sokra (a tov\u00e1bbiakban: <strong>Program<\/strong>, \u00e9s egy\u00e9b szolg\u00e1ltat\u00e1sok) t\u00f6rt\u00e9n\u0151 r\u00e9szv\u00e9teli d\u00edj \u00e9s bel\u00e9p\u0151jegy v\u00e1s\u00e1rl\u00e1s lehet\u0151s\u00e9g\u00e9t. (a tov\u00e1bbiakban: <strong>Szolg\u00e1ltat\u00e1s<\/strong>).<br \/>1.3. A jelen \u00c1SZF hat\u00e1rozza meg a Szolg\u00e1ltat\u00f3, valamint az internetes rendszer\u00e9t haszn\u00e1l\u00f3 term\u00e9szetes szem\u00e9ly (a tov\u00e1bbiakban: <strong>R\u00e9sztvev\u0151<\/strong>; a tov\u00e1bbiakban egy\u00fcttesen: <strong>Szerz\u0151d\u0151 Felek<\/strong>) k\u00f6z\u00f6tt a Szolg\u00e1ltat\u00e1s ig\u00e9nybev\u00e9tel\u00e9nek felt\u00e9teleit, valamint a Felek k\u00f6z\u00f6tt keletkez\u0151 jogokat \u00e9s k\u00f6telezetts\u00e9geket.\u00a0<\/p><p><strong>2.\u00a0<\/strong><b>Az \u00c1SZF elfogad\u00e1sa<\/b><\/p><p><span style=\"text-decoration: underline;\">A R\u00e9sztvev\u0151 az internetes v\u00e1s\u00e1rl\u00e1s sor\u00e1n legk\u00e9s\u0151bb a jelentkez\u00e9si \u0171rlapon az adatok bek\u00fcld\u00e9s\u00e9vel elfogadja a Szolg\u00e1ltat\u00e1sra vonatkoz\u00f3 szerz\u0151d\u00e9s felt\u00e9teleit, egyben jelen \u00c1SZF rendelkez\u00e9seit.<\/span> A szerz\u0151d\u00e9s l\u00e9trej\u00f6tt\u00e9vel a R\u00e9sztvev\u0151 kijelenti, hogy a jelen \u00c1SZF-ben foglalt felt\u00e9teleket megismerte \u00e9s mag\u00e1ra n\u00e9zve k\u00f6telez\u0151nek elfogadta, tov\u00e1bb\u00e1 a Szolg\u00e1ltat\u00e1s ig\u00e9nybev\u00e9tel\u00e9hez sz\u00fcks\u00e9ges adatai kezel\u00e9s\u00e9hez az \u00c1SZF-ben, \u00e9s annak adatkezel\u00e9sre vonatkoz\u00f3 szab\u00e1lyaiban meghat\u00e1rozott k\u00f6rben hozz\u00e1j\u00e1rult.<\/p><p><b>3. \u00cdr\u00e1sbeli szerz\u0151d\u00e9s, iktatott forma\u00a0<\/b><\/p><p>Az internetes v\u00e1s\u00e1rl\u00e1s \u00fatj\u00e1n l\u00e9trej\u00f6tt szerz\u0151d\u00e9s nem min\u0151s\u00fcl \u00edr\u00e1sbeli szerz\u0151d\u00e9snek, \u00edgy az iktatott form\u00e1ban nem hozz\u00e1f\u00e9rhet\u0151. A szerz\u0151d\u00e9s l\u00e9trej\u00f6tt\u00e9t az elektronikusan elmentett \u0171rlap adatok igazolj\u00e1k.<\/p><p><b><br \/>4. A szerz\u0151d\u00e9s nyelve, az \u00c1SZF ter\u00fcleti hat\u00e1lya<\/b><\/p><p>A Felek k\u00f6z\u00f6tti meg\u00e1llapod\u00e1s a nyelvv\u00e1laszt\u00e1s szerinti nyelven, vita eset\u00e9n magyar nyelven j\u00f6n l\u00e9tre. Az internet saj\u00e1toss\u00e1gai miatt a jelen \u00c1SZF ter\u00fcleti hat\u00e1lya nem korl\u00e1toz\u00f3dik a Magyar K\u00f6zt\u00e1rsas\u00e1g ter\u00fclet\u00e9re.<\/p><p><b>5. Az \u00c1SZF m\u00f3dos\u00edt\u00e1sa<\/b><\/p><p>A Szolg\u00e1ltat\u00f3 t\u00e1j\u00e9koztatja R\u00e9sztvev\u0151t \u00e9s R\u00e9sztvev\u0151 kifejezetten tudom\u00e1sul veszi, hogy a Szolg\u00e1ltat\u00f3 jogosult az \u00c1SZF-et egyoldal\u00faan m\u00f3dos\u00edtani. Az \u00c1SZF m\u00f3dos\u00edt\u00e1s\u00e1nak eset\u00e9n a Szolg\u00e1ltat\u00f3 a R\u00e9sztvev\u0151t a v\u00e1ltoz\u00e1soknak a Weboldalon t\u00f6rt\u00e9n\u0151 k\u00f6zz\u00e9t\u00e9tele \u00fatj\u00e1n \u00e9rtes\u00edti, a m\u00f3dos\u00edt\u00e1s hat\u00e1lyba l\u00e9p\u00e9s\u00e9t megel\u0151z\u0151en legal\u00e1bb nyolc (8) nappal.<\/p><p><b>6. A R\u00e9sztvev\u0151 adatai\u00a0<\/b><\/p><p>6.1. A Szolg\u00e1ltat\u00f3 a R\u00e9sztvev\u0151 adatait a szem\u00e9lyes adatok v\u00e9delm\u00e9r\u0151l \u00e9s a k\u00f6z\u00e9rdek\u0171 adatok nyilv\u00e1noss\u00e1g\u00e1r\u00f3l sz\u00f3l\u00f3 1992. \u00e9vi LXIII. t\u00f6rv\u00e9ny (Avtv.) 3. \u00a7 (1) bekezd\u00e9se alapj\u00e1n az \u00e9rintett \u00f6nk\u00e9ntes hozz\u00e1j\u00e1rul\u00e1sa, illetve az elektronikus kereskedelmi szolg\u00e1ltat\u00e1sok, valamint az inform\u00e1ci\u00f3s t\u00e1rsadalommal \u00f6sszef\u00fcgg\u0151 szolg\u00e1ltat\u00e1sok egyes k\u00e9rd\u00e9seir\u0151l sz\u00f3l\u00f3 2001. \u00e9vi CVIII. t\u00f6rv\u00e9ny szab\u00e1lyai szerint kezeli. Amennyiben a Szolg\u00e1ltat\u00e1s kapcs\u00e1n jogvita mer\u00fclhet fel, \u00fagy a jogvita id\u0151tartam\u00e1ig, illetve az ig\u00e9ny el\u00e9v\u00fcl\u00e9s\u00e9ig tart az adatkezel\u00e9s.\u00a0<\/p><p>6.2. A Szolg\u00e1ltat\u00f3 fenntartja mag\u00e1nak a jogot, hogy a R\u00e9sztvev\u0151 jelentkez\u00e9s\u00e9t indokolt esetben visszautas\u00edtsa, \u00edgy k\u00fcl\u00f6n\u00f6sen val\u00f3tlan, vagy hi\u00e1nyos adatok megad\u00e1sa, illetve a Rendszerrel, vagy a Jelentkez\u00e9ssel t\u00f6rt\u00e9n\u0151 b\u00e1rmilyen vissza\u00e9l\u00e9s eset\u00e9n.<\/p><p>6.3. A Szolg\u00e1ltat\u00f3 a v\u00e1s\u00e1rl\u00e1skor megadott szem\u00e9lyes adatokat az Adatv\u00e9delmi T\u00f6rv\u00e9nynek megfelel\u0151en, az Adatv\u00e9delmi \u00e9s adatkezel\u00e9si t\u00e1j\u00e9koztat\u00f3ban le\u00edrtak szerint kezeli.<\/p><p>6.4. <span style=\"text-decoration: underline;\">A R\u00e9sztvev\u0151 kijelenti, hogy adatai a val\u00f3s\u00e1gnak megfelel\u0151en ker\u00fcltek megad\u00e1sra a Rendszerben.<\/span> A Szolg\u00e1ltat\u00f3 kiz\u00e1rja felel\u0151ss\u00e9g\u00e9t a v\u00e1s\u00e1rl\u00e1s sor\u00e1n megadott t\u00e9ves, hib\u00e1s vagy hamis adatok vagy e-mail c\u00edm megad\u00e1s\u00e1b\u00f3l ered\u0151 k\u00e1r\u00e9rt, ugyanakkor az ezzel kapcsolatosan felmer\u00fcl\u0151 k\u00e1r\u00e1nak megt\u00e9r\u00edt\u00e9s\u00e9t k\u00f6vetelheti a R\u00e9sztvev\u0151t\u0151l. A Szolg\u00e1ltat\u00f3 a R\u00e9sztvev\u0151 \u00e1ltal megadott adatoknak megfelel\u0151en felel a teljes\u00edt\u00e9s\u00e9rt \u00e9s a sz\u00e1mla ki\u00e1ll\u00edt\u00e1s\u00e1\u00e9rt. A R\u00e9sztvev\u0151nek b\u00e1rmikor lehet\u0151s\u00e9ge van adatait ellen\u0151rizni \u00e9s m\u00f3dos\u00edtani. A Szolg\u00e1ltat\u00f3 jogosult t\u00f6r\u00f6lni a nyilv\u00e1nval\u00f3an hib\u00e1s vagy hamis adatokat, tov\u00e1bb\u00e1 k\u00e9ts\u00e9g eset\u00e9n jogosult a R\u00e9sztvev\u0151 val\u00f3dis\u00e1g\u00e1t ellen\u0151rizni.\u00a0<\/p><p>6.5. A R\u00e9sztvev\u0151 beleegyez\u00e9s\u00e9t adja, hogy az \u00e1ltala elektronikusan megadott adatokat a Szolg\u00e1ltat\u00f3 a szerz\u0151d\u00e9s teljes\u00edt\u00e9se c\u00e9lj\u00e1b\u00f3l elektronikusan haszn\u00e1lja.<\/p><p>6.6. A szem\u00e9lyes adatok kezel\u00e9s\u00e9vel, t\u00e1rol\u00e1s\u00e1val kapcsolatban a Szolg\u00e1ltat\u00f3 az elv\u00e1rhat\u00f3 legnagyobb gondoss\u00e1ggal j\u00e1r el. Az elv\u00e1rhat\u00f3 legnagyobb gondoss\u00e1g ellen\u00e9re megval\u00f3sul\u00f3 kiv\u00e9dhetetlen t\u00e1mad\u00e1sok \u00e1ltal okozott esetleges k\u00e1rok\u00e9rt azonban a Szolg\u00e1ltat\u00f3t felel\u0151ss\u00e9g nem terheli.\u00a0<\/p><p><b>7. A R\u00e9sztvev\u0151 adatainak t\u00e1rol\u00e1sa, v\u00e9delme\u00a0<\/b><\/p><p>A Szolg\u00e1ltat\u00f3 a v\u00e1s\u00e1rl\u00e1skor megadott szem\u00e9lyes adatokat az Adatv\u00e9delmi T\u00f6rv\u00e9nynek megfelel\u0151\u00a0<a href=\"https:\/\/koridoben.hu\/adatkezelesi-nyilatkozat\/\">Adatkezel\u00e9si szab\u00e1lyzat\u00e1ban<\/a>\u00a0foglaltak szerint a kezeli.<\/p><p><b>8. Megv\u00e1s\u00e1rolhat\u00f3 Programok \u00e9s egy\u00e9b szolg\u00e1ltat\u00e1sok k\u00f6re<\/b><\/p><p>8.1. A megjelen\u00edtett Programokon \u00e9s egy\u00e9b szolg\u00e1ltat\u00e1son val\u00f3 r\u00e9szv\u00e9tel kiz\u00e1r\u00f3lag online rendelhet\u0151k meg. A szolg\u00e1ltat\u00e1sokra vonatkoz\u00f3an megjelen\u00edtett d\u00edjak magyar forintban \u00e9rtend\u0151ek \u00e9s \u00c1FA-mentesek.<\/p><p>8.2. A <a href=\"https:\/\/koridoben.hu\">https:\/\/koridoben.hu<\/a> weboldal\u00e1n Programon \u00e9s egy\u00e9b szolg\u00e1ltat\u00e1son val\u00f3 r\u00e9szv\u00e9tel \u00e9rhet\u0151ek el.<\/p><p><b>9. A v\u00e1s\u00e1rl\u00e1s menete<\/b><\/p><p>9.1. R\u00e9sztvev\u0151 a jelentkez\u00e9s \u0171rlapot kit\u00f6ltve tud Programra regisztr\u00e1lni.<\/p><p>9.2. Az adatok megad\u00e1s\u00e1t k\u00f6vet\u0151en az \u0171rlap elk\u00fcld\u00e9s\u00e9vel jelentkezik a Programra.<\/p><p>9.3. Az \u0171rlap elk\u00fcld\u00e9s\u00e9vel a Felhaszn\u00e1l\u00f3 elfogadja az \u00c1SZF-et \u00e9s az Adatv\u00e9delmi nyilatkozatot.<\/p><p>9.4. A R\u00e9sztvev\u0151 e-mail c\u00edm\u00e9re 2 napon bel\u00fcl meg\u00e9rkezik visszaigazol\u00e1s a jelentkez\u00e9s elfogad\u00e1s\u00e1r\u00f3l \u00e9s a fizet\u00e9si felt\u00e9telek, amelyek alapj\u00e1n banki \u00e1tutal\u00e1ssal tudja teljes\u00edteni a kiv\u00e1lasztott Program r\u00e9szv\u00e9teli d\u00edj\u00e1t.<\/p><p>9.5. A befizet\u00e9st k\u00f6vet\u0151en a v\u00e9gsz\u00e1mla elektronikus vagy postai \u00faton \u00e9rkezik a R\u00e9sztvev\u0151h\u00f6z.<\/p><p>9.6. Ha be\u00e9rkezett a Program r\u00e9szv\u00e9teli d\u00edja, a R\u00e9sztvev\u0151 e-mail c\u00edm\u00e9re a Szolg\u00e1ltat\u00f3 elk\u00fcldi a Programon val\u00f3 r\u00e9szv\u00e9telre jogos\u00edt\u00f3 visszaigazol\u00e1st.<\/p><p><b>10. A szerz\u0151d\u00e9s megsz\u0171n\u00e9se, el\u00e1ll\u00e1s joga<\/b><\/p><p>10.1. A Szolg\u00e1ltat\u00f3 e-mail \u00fatj\u00e1n t\u00f6rt\u00e9n\u0151 \u00e9rtes\u00edt\u00e9ssel jogosult el\u00e1llni a szerz\u0151d\u00e9st\u0151l, amennyiben nem teljes\u00edti az \u00c1SZF szerinti fizet\u00e9si k\u00f6telezetts\u00e9g\u00e9t, az ott meghat\u00e1rozott hat\u00e1rid\u0151ben.<\/p><p>10.2. R\u00e9sztvev\u0151 e-mail \u00fatj\u00e1n t\u00f6rt\u00e9n\u0151 \u00e9rtes\u00edt\u00e9ssel jogosult el\u00e1llni a szerz\u0151d\u00e9st\u0151l. A r\u00e9szv\u00e9teli d\u00edj visszat\u00e9r\u00edt\u00e9se az al\u00e1bbiak szerint teljes\u00fcl:<\/p><table style=\"height: 368px;\" width=\"239\"><tbody><tr><td>El\u00e1ll\u00e1s id\u0151pontja<\/td><td>Visszat\u00e9r\u00edt\u00e9s m\u00e9rt\u00e9ke<\/td><\/tr><tr><td>Program kezdete el\u0151tti 50. napn\u00e1l kor\u00e1bbi id\u0151pontban<\/td><td>100%<\/td><\/tr><tr><td>Program kezdet\u00e9t megel\u0151z\u0151<br \/>50. nap \u00e9s 30. nap k\u00f6z\u00f6tt<\/td><td>50%<\/td><\/tr><tr><td>Program kezdet\u00e9t megel\u0151z\u0151 30 napon bel\u00fcl<\/td><td>0%<\/td><\/tr><tr><td>\u00a0 \u00a0 \u00a0 \u00a0 \u00a0 \u00a0 \u00a0 \u00a0&#8211;<\/td><td>\u00a0 \u00a0 \u00a0 \u00a0 \u00a0 \u00a0 &#8211;<\/td><\/tr><\/tbody><\/table><p>Amennyiben R\u00e9sztvev\u0151 nem magyarorsz\u00e1gi banksz\u00e1ml\u00e1ra k\u00e9ri a visszautal\u00e1st, a tranzakci\u00f3 k\u00f6lts\u00e9geit R\u00e9sztvev\u0151 viseli.<\/p><p>Az el\u00e1ll\u00e1s joga kimondottan az adott Rendezv\u00e9nyre jelentkez\u0151t illeti meg, elhalasztott r\u00e9szv\u00e9tel eset\u00e9n visszat\u00e9r\u00edt\u00e9st nem lehet k\u00e9rni.<\/p><p>10.3. Szolg\u00e1ltat\u00f3 vis maior eset\u00e9n egy alkalommal felaj\u00e1nlhatja a R\u00e9sztvev\u0151 sz\u00e1m\u00e1ra, hogy egy m\u00e1sik id\u0151pontban megtartott Rendezv\u00e9nyen \u2013 \u00fajabb r\u00e9szv\u00e9teli d\u00edj megfizet\u00e9s\u00e9nek k\u00f6telezetts\u00e9ge n\u00e9lk\u00fcl \u2013 r\u00e9szt vehet.<\/p><p><b>11. Z\u00e1r\u00f3 rendelkez\u00e9sek\u00a0<\/b><\/p><p>\u00a011.1. A Szolg\u00e1ltat\u00f3 jogosult alv\u00e1llalkoz\u00f3kat, adatfeldolgoz\u00f3kat ig\u00e9nybe venni. Az alv\u00e1llalkoz\u00f3k\u00e9rt \u00fagy felel, mintha a szolg\u00e1ltat\u00e1st maga ny\u00fajtotta volna.<\/p><p>11.2. A jelen \u00c1SZF magyar nyelven k\u00e9sz\u00fclt, \u00e9rtelmez\u00e9s\u00e9ben a magyar jog szab\u00e1lyai az ir\u00e1nyad\u00f3k.<\/p><p>11.3. A jelen \u00c1SZF-ben nem szab\u00e1lyozott k\u00e9rd\u00e9sekben a Polg\u00e1ri T\u00f6rv\u00e9nyk\u00f6nyvr\u0151l sz\u00f3l\u00f3 2013. \u00e9vi V. t\u00f6rv\u00e9ny \u00e9s a 1997. \u00e9vi CLV. t\u00f6rv\u00e9ny vonatkoz\u00f3 rendelkez\u00e9sei megfelel\u0151en ir\u00e1nyad\u00f3ak.<\/p><p>11.4. Panasz eset\u00e9n a R\u00e9sztvev\u0151 a Szolg\u00e1ltat\u00f3hoz fordulhat az attila@koridoben.hu e-mail c\u00edmen.<\/p><p>11.5. A jelen \u00c1SZF 2025. 06. 01. napj\u00e1t\u00f3l \u00e9rv\u00e9nyes.<\/p>\t\t\t\t\t\t\t\t<\/div>\n\t\t\t\t<\/div>\n\t\t\t\t\t<\/div>\n\t\t\t\t<\/div>\n\t\t\t\t<\/div>\n\t\t","protected":false},"excerpt":{"rendered":"<p>\u00c1ltal\u00e1nos Szerz\u0151d\u00e9si Felt\u00e9telek Jelen \u00c1ltal\u00e1nos Szerz\u0151d\u00e9si Felt\u00e9telek (tov\u00e1bbiakban \u00c1SZF) tartalmazza a\u00a0https:\/\/koridoben.hu\u00a0weboldalon el\u00e9rhet\u0151 szolg\u00e1ltat\u00e1s ig\u00e9nybev\u00e9tel\u00e9nek, ig\u00e9nybe vev\u0151 \u00e1ltali haszn\u00e1lat\u00e1nak, valamint a szolg\u00e1ltat\u00e1s haszn\u00e1lata folyt\u00e1n l\u00e9trej\u00f6tt jogviszonyra vonatkoz\u00f3 felt\u00e9teleket, tov\u00e1bb\u00e1 a R\u00e9sztvev\u0151 \u00e9s a szolg\u00e1ltat\u00f3 k\u00f6z\u00f6tti szerz\u0151d\u00e9sek r\u00e9szletes szab\u00e1lyair\u00f3l sz\u00f3l\u00f3 45\/2014. (II. 26.) Korm. rendelet rendelkez\u00e9seinek \u00e9rv\u00e9nyes\u00fcl\u00e9s\u00e9t. 1. \u00c1ltal\u00e1nos rendelkez\u00e9sek\u00a0 1.1. Bencze Attila E. V., mint szolg\u00e1ltat\u00f3 [&hellip;]<\/p>\n","protected":false},"author":1,"featured_media":0,"parent":0,"menu_order":0,"comment_status":"closed","ping_status":"closed","template":"","meta":{"footnotes":""},"class_list":["post-820","page","type-page","status-publish","hentry"],"_links":{"self":[{"href":"https:\/\/koridoben.hu\/en\/wp-json\/wp\/v2\/pages\/820","targetHints":{"allow":["GET"]}}],"collection":[{"href":"https:\/\/koridoben.hu\/en\/wp-json\/wp\/v2\/pages"}],"about":[{"href":"https:\/\/koridoben.hu\/en\/wp-json\/wp\/v2\/types\/page"}],"author":[{"embeddable":true,"href":"https:\/\/koridoben.hu\/en\/wp-json\/wp\/v2\/users\/1"}],"replies":[{"embeddable":true,"href":"https:\/\/koridoben.hu\/en\/wp-json\/wp\/v2\/comments?post=820"}],"version-history":[{"count":20,"href":"https:\/\/koridoben.hu\/en\/wp-json\/wp\/v2\/pages\/820\/revisions"}],"predecessor-version":[{"id":1450,"href":"https:\/\/koridoben.hu\/en\/wp-json\/wp\/v2\/pages\/820\/revisions\/1450"}],"wp:attachment":[{"href":"https:\/\/koridoben.hu\/en\/wp-json\/wp\/v2\/media?parent=820"}],"curies":[{"name":"wp","href":"https:\/\/api.w.org\/{rel}","templated":true}]}}